{"id":620,"date":"2011-09-03T06:36:09","date_gmt":"2011-09-03T05:36:09","guid":{"rendered":"http:\/\/www.satg.pl\/wordpress\/"},"modified":"2023-06-28T14:55:54","modified_gmt":"2023-06-28T12:55:54","slug":"wiersze","status":"publish","type":"page","link":"https:\/\/satg.pl\/geolog\/teksty\/wiersze\/","title":{"rendered":"WIERSZE"},"content":{"rendered":"<p><strong>Kielecki Geolog &#8211; Ryszard Kie\u0142ek(tekst oryginalny)<br \/>\n<\/strong><\/p>\n<p><strong><a href=\"https:\/\/i0.wp.com\/satg.pl\/geolog\/wp-content\/uploads\/2023\/06\/Ryszard-Kielek-scaled.jpg?ssl=1\"><img data-recalc-dims=\"1\" loading=\"lazy\" decoding=\"async\" data-attachment-id=\"21805\" data-permalink=\"https:\/\/satg.pl\/geolog\/teksty\/wiersze\/ryszard-kielek\/\" data-orig-file=\"https:\/\/i0.wp.com\/satg.pl\/geolog\/wp-content\/uploads\/2023\/06\/Ryszard-Kielek-scaled.jpg?fit=1665%2C2560&amp;ssl=1\" data-orig-size=\"1665,2560\" data-comments-opened=\"1\" data-image-meta=\"{&quot;aperture&quot;:&quot;1.8&quot;,&quot;credit&quot;:&quot;&quot;,&quot;camera&quot;:&quot;SM-A526B&quot;,&quot;caption&quot;:&quot;&quot;,&quot;created_timestamp&quot;:&quot;1687962534&quot;,&quot;copyright&quot;:&quot;&quot;,&quot;focal_length&quot;:&quot;5.23&quot;,&quot;iso&quot;:&quot;25&quot;,&quot;shutter_speed&quot;:&quot;0.0077&quot;,&quot;title&quot;:&quot;&quot;,&quot;orientation&quot;:&quot;1&quot;}\" data-image-title=\"Ryszard Kie\u0142ek\" data-image-description=\"\" data-image-caption=\"\" data-large-file=\"https:\/\/i0.wp.com\/satg.pl\/geolog\/wp-content\/uploads\/2023\/06\/Ryszard-Kielek-scaled.jpg?fit=666%2C1024&amp;ssl=1\" class=\"alignleft size-thumbnail wp-image-21805\" src=\"https:\/\/i0.wp.com\/satg.pl\/geolog\/wp-content\/uploads\/2023\/06\/Ryszard-Kielek.jpg?resize=150%2C150&#038;ssl=1\" alt=\"\" width=\"150\" height=\"150\" srcset=\"https:\/\/i0.wp.com\/satg.pl\/geolog\/wp-content\/uploads\/2023\/06\/Ryszard-Kielek-scaled.jpg?resize=150%2C150&amp;ssl=1 150w, https:\/\/i0.wp.com\/satg.pl\/geolog\/wp-content\/uploads\/2023\/06\/Ryszard-Kielek-scaled.jpg?zoom=2&amp;resize=150%2C150&amp;ssl=1 300w, https:\/\/i0.wp.com\/satg.pl\/geolog\/wp-content\/uploads\/2023\/06\/Ryszard-Kielek-scaled.jpg?zoom=3&amp;resize=150%2C150&amp;ssl=1 450w\" sizes=\"auto, (max-width: 150px) 100vw, 150px\" \/><\/a><br \/>\n<\/strong><\/p>\n<p>&nbsp;<\/p>\n<p>&nbsp;<\/p>\n<p>&nbsp;<\/p>\n<p>&nbsp;<\/p>\n<p>W \u015bwi\u0119tokrzyskich g\u00f3r enklawie dzia\u0142a\u0142a kiedy\u015b pi\u0119kna szko\u0142a o nie tylko regionalnej, kieleckiej ale i narodowej s\u0142awie.<\/p>\n<p>Ten monolog m\u00f3wi o \u015bredniej szkole o nazwie &#8222;Geolog&#8221;.<\/p>\n<p>Jego historia wiele lat si\u0119ga, to prawdziwa edukacyjna pot\u0119ga, technicy wiertnicy, p\u00f3\u017aniejsi in\u017cynierowie, uczelnie maj\u0105 to w g\u0142owie.<\/p>\n<p>Jan Kami\u0144ski jej za\u0142o\u017cyciel, znakomity dyrektor i nauczyciel z u\u015bmiechem na twarzy, o takim w\u0142odarzu mo\u017cna tylko marzy\u0107.<\/p>\n<p>Zapami\u0119tana kadra pedagogiczna, wymagaj\u0105ca ale sympatyczna m.in Barbara So\u0142owow, Zofia Polak, Andrzej K\u0119dra, Jan Kmiecik to wspomnieniach, pami\u0119ci, pi\u0119kny, nie zapomniany portrecik.<\/p>\n<p>We wspomnieniach utrwali\u0142y si\u0119 szkolne na odwiertach praktyki i szkolni, nietuzinkowi koledzy, przyjaciele z Konga, dalekiej Afryki.<\/p>\n<p>Zapami\u0119tana jest nie tylko edukacja ale i inna szkolna narracja k\u00f3\u0142ka zainteresowa\u0144 , harcerskie obozy \u017ceglarskie, zaj\u0119cia sportowe, wszystko znakomicie przygotowane, profesjonalne, wzorowe.<\/p>\n<p>A szkolny wizerunek w mie\u015bcie to umundurowanie i kolorystyka nie ka\u017cdy cz\u0142owiek w Polsce, regionie na codzie\u0144 si\u0119 spotyka.<\/p>\n<p>Uczniowie, dziewcz\u0119ta i ch\u0142opcy w g\u00f3rniczych, cudnych symbolach, galowe mundurki szczeg\u00f3lnie pi\u0119kne na balach w \u015bwi\u0119to &#8222;Barb\u00f3rki&#8221; &#8222;G\u00f3rniczy stan niech \u017cyje nam&#8221;, ten znany hymn rado\u015bnie \u015bpiewano, braciom g\u00f3rnikom no i geologom wiertnikom ho\u0142d oddawano.<\/p>\n<p>Wielka szkoda ,\u017ce nie ma ju\u017c naszego ukochanego Geologa w pi\u0119knych wspomnieniach jemu chwa\u0142a, likwidacji smutek i po\u017coga.<\/p>\n<p>Teraz przy ul. \u015aciegiennego jest co\u015b innego, jest tam biblioteka ale i tak po cichu i z nadziej\u0105 na odrodzenie nasz &#8222;Geolog&#8221; czeka&#8230;<\/p>\n<p>Marzeniem jego absolwent\u00f3w jest reaktywacja to dla Kieleckiej O\u015bwiaty mo\u017ce by\u0107 dobra, spo\u0142ecznie po\u017c\u0105dana, zawodowa edukacja.<\/p>\n<p>Dzisiaj po latach my uczniowie, absolwenci g\u0142o\u015bno wo\u0142amy &#8222;Geologu&#8221; nasz ukochany, wiedz \u017ce tobie swe serce na wieki oddamy.<\/p>\n<p><strong>Technikum Geologiczne<\/strong><\/p>\n<p>Szko\u0142a ta by\u0142a<br \/>\nW Kielcach znana<br \/>\nPod dyrekcj\u0105<br \/>\nPana Kami\u0144skiego Jana<\/p>\n<p>Gdy kto\u015b Was zapyta<br \/>\nKto to by\u0142 ten Pan?<br \/>\nKim by\u0142 ten Kami\u0144ski Jan?<br \/>\nTo mu jak ja odpowiedzcie<br \/>\n\u017be by\u0142 to zwyk\u0142y<br \/>\nNiezwyk\u0142y Cz\u0142owiek<br \/>\nKt\u00f3ry zosta\u0142 na zawsze<br \/>\nW naszym sercu i w g\u0142owie<br \/>\nKt\u00f3ry nas kocha\u0142<br \/>\nI mocno si\u0119 trudzi\u0142<br \/>\nBy zrobi\u0107 z nas<br \/>\nZwyczajnie<br \/>\nPrzyzwoitych ludzi<\/p>\n<p>Niby nic<br \/>\nBo przyzwoito\u015bci dzisiaj<br \/>\nPrawie nikt nie ceni<br \/>\nLicz\u0105 si\u0119:<br \/>\nKasa<br \/>\nBlichtr<br \/>\nI show mani<br \/>\nMam jednak nadziej\u0119<br \/>\nBy\u0107 mo\u017ce doczekam<br \/>\nGdy zn\u00f3w przyzwoito\u015b\u0107<br \/>\nStanie si\u0119 wizyt\u00f3wk\u0105<br \/>\nI miar\u0105 cz\u0142owieka<\/p>\n<p>I uhonorowani zostan\u0105<br \/>\nCi niezwykli ludzie<br \/>\nKt\u00f3rzy nas wychowali<br \/>\nZ godno\u015bci\u0105 i w trudzie<br \/>\nA przy\u015bwieca\u0142a im idea taka<br \/>\nA Takie b\u0119d\u0105 Narody<br \/>\nTo kr\u00f3ciutkie a pi\u0119kne zdanie<br \/>\nJakie m\u0142odzie\u017cy chowanie<\/p>\n<p>Ja wierz\u0119<br \/>\n\u017be ludzko\u015b\u0107<br \/>\nWreszcie si\u0119 obudzi<br \/>\nOdrzuci wszystko<br \/>\nCo mami i \u0142udzi<br \/>\nA ceni\u0107 b\u0119dzie tylko<br \/>\nPrzyzwoitych ludzi.<\/p>\n<p><em>Absolwentka TG &#8211; z podzi\u0119kowaniem dla Pedagog\u00f3w<\/em><\/p>\n<p><strong>Do Absolwent\u00f3w TG<\/strong><\/p>\n<p>Jak co roku o tej porze<br \/>\nGdy ju\u017c ch\u0142odno<br \/>\nJest na dworze<br \/>\nCzcimy nasz\u0105 patronk\u0119<br \/>\nBasi\u0119 ,Barb\u00f3rk\u0119<br \/>\nI dlatego zarz\u0105dzamy<br \/>\nObowi\u0105zkow\u0105 zbi\u00f3rk\u0119<br \/>\nHotel Kameralny<br \/>\n<strong>26-tego listopada<\/strong><br \/>\nI pami\u0119tajcie<br \/>\nNie by\u0107 a\u017c nie wypada!!!<br \/>\nPrzyje\u017cd\u017cajcie t\u0142umnie<br \/>\nAVANTI<br \/>\nBo na sto\u0142ach b\u0119dzie Chianti<br \/>\nI w\u00f3deczka i piwo<br \/>\nNa talerzach mi\u0119siwo<br \/>\nPrzy sto\u0142ach przyjaciele<br \/>\nA wraz z nimi wspomnie\u0144 wiele<br \/>\nBy\u0107 mo\u017ce i tym razem<br \/>\nZaszczyc\u0105 nas psorki i psorzy<br \/>\nNasi kochani, m\u0105drzy profesorzy<br \/>\nPogadamy, pota\u0144czymy<br \/>\nI na chwil\u0119 zapomnimy<br \/>\nO smutku i o k\u0142opocie<br \/>\nO polityce i o g\u0142upocie<br \/>\nKto przyjdzie w t\u0119 jesienn\u0105 noc<br \/>\nTen dozna spotka\u0144 naszych moc<br \/>\nZobaczy jak od\u017cyj\u0105 wspomnienia<br \/>\nA magia nocy tej<br \/>\nW rzeczywisto\u015b\u0107 je przemienia<br \/>\nI chwila ta trwa<br \/>\nA\u017c do bia\u0142ego dnia<br \/>\nPodzi\u0119kujmy kole\u017ce\u0144stwu<br \/>\nKt\u00f3re tak si\u0119 natrudzi\u0142o<br \/>\nBy\u015bmy zn\u00f3w si\u0119 mogli spotka\u0107<br \/>\n<strong>Bo jak zwykle b\u0119dzie mi\u0142o !!!!<\/strong><br \/>\n<strong>Do zobaczenia<\/strong><\/p>\n","protected":false},"excerpt":{"rendered":"<p>Kielecki Geolog &#8211; Ryszard Kie\u0142ek(tekst oryginalny) &nbsp; &nbsp; &nbsp; &nbsp; W \u015bwi\u0119tokrzyskich g\u00f3r enklawie dzia\u0142a\u0142a kiedy\u015b pi\u0119kna szko\u0142a o nie tylko regionalnej, kieleckiej ale i narodowej s\u0142awie. Ten monolog m\u00f3wi o \u015bredniej szkole o nazwie &#8222;Geolog&#8221;. Jego historia wiele lat si\u0119ga, to prawdziwa edukacyjna pot\u0119ga, technicy wiertnicy, p\u00f3\u017aniejsi in\u017cynierowie, uczelnie\u2026<\/p>\n<p class=\"continue-reading-button\"> <a class=\"continue-reading-link\" href=\"https:\/\/satg.pl\/geolog\/teksty\/wiersze\/\">Czytaj dalej<i class=\"crycon-right-dir\"><\/i><\/a><\/p>\n","protected":false},"author":1,"featured_media":0,"parent":617,"menu_order":0,"comment_status":"closed","ping_status":"closed","template":"","meta":{"ngg_post_thumbnail":0,"jetpack_post_was_ever_published":false,"footnotes":""},"class_list":["post-620","page","type-page","status-publish","hentry"],"jetpack_sharing_enabled":true,"jetpack_shortlink":"https:\/\/wp.me\/P7jPbe-a0","jetpack-related-posts":[{"id":1626,"url":"https:\/\/satg.pl\/geolog\/teksty\/wspomnienia\/","url_meta":{"origin":620,"position":0},"title":"WSPOMNIENIA","author":"Garapozales","date":"2013-06-21","format":false,"excerpt":"O UCZNIACH, KT\u00d3RZY KOCHALI SWOJ\u0104 SZKO\u0141\u0118 CZYLI FENOMEN TECHNIKUM GEOLOGICZNEGO W KIELCACH NAPISANE PRZEZ; ZOFIA T. KRAMER (PAWLIK), matura 1983 D\u0142ugo my\u015bla\u0142am co powinnam napisa\u0107, aby przekaza\u0107 moje wspomnienia z pi\u0119ciu fantastycznych lat \u017cycia i nikogo nie pomin\u0105\u0107, dlatego nikogo nie wymieniam tu z imienia i nazwiska. Ci, kt\u00f3rzy byli\u2026","rel":"","context":"Podobny wpis","block_context":{"text":"Podobny wpis","link":""},"img":{"alt_text":"","src":"","width":0,"height":0},"classes":[]},{"id":9,"url":"https:\/\/satg.pl\/geolog\/historia\/","url_meta":{"origin":620,"position":1},"title":"HISTORIA","author":"Garapozales","date":"2010-10-30","format":false,"excerpt":"Historia TG \u00a0 Technikum Geologiczne w Kielcach powsta\u0142o w 1953 r. na mocy zarz\u0105dzenia z dnia 28 lutego 1953\u00a0r. nr IV-05b\/30 wydanego przez Centralny Urz\u0105d Geologii w Warszawie. W roku szkolnym 1953\/54 by\u0142a jedna czterdziestoosobowa klasa wydzia\u0142u laboratoryjnego z\u00a0jednym nauczycielem etatowym, wychowawczyni\u0105 klasy by\u0142a mgr Maria Zatorska. Pierwszym dyrektorem szko\u0142y\u2026","rel":"","context":"Podobny wpis","block_context":{"text":"Podobny wpis","link":""},"img":{"alt_text":"","src":"","width":0,"height":0},"classes":[]},{"id":128,"url":"https:\/\/satg.pl\/geolog\/teksty\/piesnipiosenki\/","url_meta":{"origin":620,"position":2},"title":"PIE\u015aNI\/PIOSENKI","author":"Garapozales","date":"2010-11-03","format":false,"excerpt":"Hymn g\u00f3rniczy [audio: Gorniczy stan.mp3] Hello World! G\u00f3rniczy Stan niech nam \u017cyje Niech \u017cyje nam G\u00f3rniczy Stan, Bo cho\u0107 przed nami dzienne \u015bwiat\u0142o kryje To\u0107 dla ojczyzny trud ten jest nam dan Bo\u0107 synowi podziemnych czarnych \u015bwiat\u00f3w Ka\u017cdy ch\u0119tnie poda sw\u0105 d\u0142o\u0144\/(bis) Niech \u017cyje nam G\u00f3rniczy Stan G\u00f3rniczy Stan niech\u2026","rel":"","context":"Podobny wpis","block_context":{"text":"Podobny wpis","link":""},"img":{"alt_text":"","src":"","width":0,"height":0},"classes":[]},{"id":180,"url":"https:\/\/satg.pl\/geolog\/spis-absolwentow\/1957-1960\/","url_meta":{"origin":620,"position":3},"title":"1957-1960","author":"Garapozales","date":"2010-11-06","format":false,"excerpt":"ROCZNIK 1957 Wychowawca - Maria ZATORSKA DZIURA Stanis\u0142aw GATKOWSKI Zbigniew G\u0141\u0104B Eugenia GRABOWSKI Pawet HELI\u0143SKI Zdzis\u0142aw HOLA Maria JANKOWSKA Jadwiga KANIA Zofia KRAKOWIAK Roman KRYZA Krystyna KRZY\u017bANOWSKA Berta KUMOR Anna LUDWISIAK Wies\u0142awa MALICKA J\u00f3zefa NOCU\u0143 Bogdan PAJ\u0104K Marian PAPROS Jan PASO\u0143 Stanis\u0142awa P\u0141OWIE\u0106 Teresa PREDOTKA J\u00f3zefa SAPA Danuta SIEMIENIEC Augustyn\u2026","rel":"","context":"Podobny wpis","block_context":{"text":"Podobny wpis","link":""},"img":{"alt_text":"","src":"","width":0,"height":0},"classes":[]},{"id":1268,"url":"https:\/\/satg.pl\/geolog\/zjazd_2013\/","url_meta":{"origin":620,"position":4},"title":"ZJAZD","author":"Garapozales","date":"2012-12-26","format":false,"excerpt":"Strona po\u015bwi\u0119cona zjazdowi, kt\u00f3ry odb\u0119dzie si\u0119 w czerwcu 2013 roku. Same naj\u015bwie\u017csze informacje JUBILEUSZOWY X ZJAZD ABSOLWENT\u00d3W TG w dniach 8-9 czerwca 2013 r. UWAGA: Absolwenci posiadaj\u0105cy galowe mundury g\u00f3rnicze proszeni s\u0105 o uczestnictwo w nich w cz\u0119\u015bci oficjalnej. Op\u0142ata za udzia\u0142 wynosi 220 z\u0142 (ma\u0142\u017ce\u0144stwa absolwenckie TG - 350\u2026","rel":"","context":"Podobny wpis","block_context":{"text":"Podobny wpis","link":""},"img":{"alt_text":"Zjazd","src":"https:\/\/i0.wp.com\/satg.pl\/geolog\/wp-content\/uploads\/2012\/12\/Zjazd.png?resize=350%2C200","width":350,"height":200},"classes":[]},{"id":11,"url":"https:\/\/satg.pl\/geolog\/o-nas\/","url_meta":{"origin":620,"position":5},"title":"O NAS","author":"Garapozales","date":"2010-10-30","format":false,"excerpt":"STOWARZYSZENIE ABSOLWENT\u00d3W TECHNIKUM GEOLOGICZNEGO w Kielcach skupia by\u0142ych uczni\u00f3w i nauczycieli nieistniej\u0105cego ju\u017c Technikum Geologicznego w Kielcach. ReGULAMIN STOWARZYSZeNIA ABSOLWeNT\u00d3W TeCHNIKUM GeOLOGICZNeGO w Kielcach Stowarzyszenie absolwent\u00f3w Technikum Geologicznego w Kielcach zrzesza wszystkich absolwent\u00f3w i nauczycieli T.G. w Kielcach. Celem Stowarzyszenia jest integracja i utrzymywanie kontakt\u00f3w kole\u017ce\u0144skich i\u00a0towarzyskich z absolwentami i\u2026","rel":"","context":"Podobny wpis","block_context":{"text":"Podobny wpis","link":""},"img":{"alt_text":"","src":"","width":0,"height":0},"classes":[]}],"jetpack_likes_enabled":true,"_links":{"self":[{"href":"https:\/\/satg.pl\/geolog\/wp-json\/wp\/v2\/pages\/620","targetHints":{"allow":["GET"]}}],"collection":[{"href":"https:\/\/satg.pl\/geolog\/wp-json\/wp\/v2\/pages"}],"about":[{"href":"https:\/\/satg.pl\/geolog\/wp-json\/wp\/v2\/types\/page"}],"author":[{"embeddable":true,"href":"https:\/\/satg.pl\/geolog\/wp-json\/wp\/v2\/users\/1"}],"replies":[{"embeddable":true,"href":"https:\/\/satg.pl\/geolog\/wp-json\/wp\/v2\/comments?post=620"}],"version-history":[{"count":2,"href":"https:\/\/satg.pl\/geolog\/wp-json\/wp\/v2\/pages\/620\/revisions"}],"predecessor-version":[{"id":21810,"href":"https:\/\/satg.pl\/geolog\/wp-json\/wp\/v2\/pages\/620\/revisions\/21810"}],"up":[{"embeddable":true,"href":"https:\/\/satg.pl\/geolog\/wp-json\/wp\/v2\/pages\/617"}],"wp:attachment":[{"href":"https:\/\/satg.pl\/geolog\/wp-json\/wp\/v2\/media?parent=620"}],"curies":[{"name":"wp","href":"https:\/\/api.w.org\/{rel}","templated":true}]}}