{"id":11,"date":"2010-10-30T07:32:06","date_gmt":"2010-10-30T05:32:06","guid":{"rendered":"http:\/\/www.satg.pl\/wordpress\/"},"modified":"2024-01-22T02:17:56","modified_gmt":"2024-01-22T01:17:56","slug":"o-nas","status":"publish","type":"page","link":"https:\/\/satg.pl\/geolog\/o-nas\/","title":{"rendered":"O NAS"},"content":{"rendered":"<p><span style=\"font-family: Comic Sans MS,cursive;\">STOWARZYSZENIE ABSOLWENT\u00d3W TECHNIKUM GEOLOGICZNEGO w Kielcach skupia by\u0142ych uczni\u00f3w i nauczycieli nieistniej\u0105cego ju\u017c Technikum Geologicznego w Kielcach.<\/span><\/p>\n<h2><span style=\"font-family: Comic Sans MS,cursive;\">ReGULAMIN STOWARZYSZeNIA ABSOLWeNT\u00d3W TeCHNIKUM GeOLOGICZNeGO<\/span><\/h2>\n<h2><span style=\"font-family: Comic Sans MS,cursive;\">w Kielcach<\/span><\/h2>\n<ol>\n<li><span style=\"font-family: Comic Sans MS,cursive;\">Stowarzyszenie absolwent\u00f3w Technikum Geologicznego w Kielcach zrzesza wszystkich absolwent\u00f3w i nauczycieli T.G. w Kielcach. <\/span><\/li>\n<li><span style=\"font-family: Comic Sans MS,cursive;\">Celem Stowarzyszenia jest integracja i utrzymywanie kontakt\u00f3w kole\u017ce\u0144skich i&nbsp;towarzyskich z absolwentami i by\u0142ymi nauczycielami T.G. w&nbsp;Kielcach. <\/span><\/li>\n<li><span style=\"font-family: Comic Sans MS,cursive;\">Stowarzyszenie organizuje odczyty, wyk\u0142ady w zakresie nowo\u015bci geologicznych oraz spotkania towarzyskie z okazji rocznic znacz\u0105cych dla T.G. oraz uroczysto\u015bci z okazji Dnia G\u00f3rnika \u201eBarb\u00f3rki\u201d. <\/span><\/li>\n<li><span style=\"font-family: Comic Sans MS,cursive;\">Stowarzyszenie wsp\u00f3\u0142pracuje z P.T.G Oddzia\u0142 w Kielcach, \u201d Geoparkiem\u201d \u2013 Kielce, \u015awi\u0119tokrzyskim Towarzystwem Nauk Geologicznych \u2013 Kielce w&nbsp;zakresie zbierania i&nbsp;zagospodarowania okaz\u00f3w geologicznych. <\/span><\/li>\n<li><span style=\"font-family: Comic Sans MS,cursive;\">Stowarzyszenie w miar\u0119 swoich mo\u017cliwo\u015bci pomaga i otacza opiek\u0105 chorych nauczycieli i&nbsp;absolwent\u00f3w. <\/span><\/li>\n<li><span style=\"font-family: Comic Sans MS,cursive;\">Stowarzyszenie opiekuje si\u0119 grobami i mogi\u0142ami nauczycieli i absolwent\u00f3w, kt\u00f3re nie maj\u0105 opieki ze strony najbli\u017cszej rodziny. <\/span><\/li>\n<li><span style=\"font-family: Comic Sans MS,cursive;\">Stowarzyszenie uczestniczy w \u201d \u017cyciu geologicznym\u201d miasta Kielce. <\/span><\/li>\n<li><span style=\"font-family: Comic Sans MS,cursive;\">Stowarzyszenie dba o zagospodarowanie dziedzictwa T.G. Kielce w zakresie utrzymania naszych symboli w siedzibie Technikum przy ul. \u015aciegiennego i przy ul. Legion\u00f3w. <\/span><\/li>\n<\/ol>\n<h4>Zarz\u0105d (od 2024)<\/h4>\n<table border=\"1\" cellspacing=\"3\" cellpadding=\"10\">\n<colgroup>\n<col width=\"189\">\n<col width=\"540\"><\/colgroup>\n<tbody>\n<tr>\n<td>\n<h5>Prezes<\/h5>\n<\/td>\n<td>\n<h5>Jan Kowalski<\/h5>\n<\/td>\n<\/tr>\n<tr>\n<td>\n<h5>I V-ce Prezes<\/h5>\n<\/td>\n<td>\n<h5>Ryszard Zwierzchowski<\/h5>\n<\/td>\n<\/tr>\n<tr>\n<td>\n<h5>II V-ce Prezes<\/h5>\n<\/td>\n<td>\n<h5>Artur Laskowski<\/h5>\n<\/td>\n<\/tr>\n<tr>\n<td>\n<h5>Sekretarz<\/h5>\n<\/td>\n<td>\n<h5>Stanis\u0142awa Moskal<\/h5>\n<\/td>\n<\/tr>\n<tr>\n<td>\n<h5>Skarbnik<\/h5>\n<\/td>\n<td>\n<h5>Mariola Dydak<\/h5>\n<\/td>\n<\/tr>\n<tr>\n<td>\n<h5>Cz\u0142onkowie Zarz\u0105du<\/h5>\n<\/td>\n<td>\n<h5>Stanis\u0142awa Zbroja, Dorota G\u00f3rczak<\/h5>\n<\/td>\n<\/tr>\n<tr>\n<td>\n<h5>Prezes Honorowy<\/h5>\n<\/td>\n<td>\n<h5>Stanis\u0142aw Dziura<\/h5>\n<\/td>\n<\/tr>\n<\/tbody>\n<\/table>\n<p>&nbsp;<\/p>\n<h4>Zarz\u0105d (2020-2023)<\/h4>\n<table style=\"width: 799px;\" border=\"1\" cellspacing=\"3\" cellpadding=\"10\">\n<colgroup>\n<col width=\"189\">\n<col width=\"540\"><\/colgroup>\n<tbody>\n<tr>\n<td style=\"width: 207px;\">\n<h5>Prezes<\/h5>\n<\/td>\n<td style=\"width: 592px;\">\n<h5>Jan Kowalski<\/h5>\n<\/td>\n<\/tr>\n<tr>\n<td style=\"width: 207px;\">\n<h5>V-ce Prezes<\/h5>\n<\/td>\n<td style=\"width: 592px;\">\n<h5>Ryszard Zwierzchowski<\/h5>\n<\/td>\n<\/tr>\n<tr>\n<td style=\"width: 207px;\">\n<h5>Sekretarz<\/h5>\n<\/td>\n<td style=\"width: 592px;\">\n<h5>Stanis\u0142awa Moskal<\/h5>\n<\/td>\n<\/tr>\n<tr>\n<td style=\"width: 207px;\">\n<h5>Skarbnik<\/h5>\n<\/td>\n<td style=\"width: 592px;\">\n<h5>Mariola Dydak<\/h5>\n<\/td>\n<\/tr>\n<tr>\n<td style=\"width: 207px;\">\n<h5>Cz\u0142onkowie Zarz\u0105du<\/h5>\n<\/td>\n<td style=\"width: 592px;\">\n<h5>Dorota G\u00f3rczak, Stanis\u0142awa Zbroja<\/h5>\n<\/td>\n<\/tr>\n<tr>\n<td style=\"width: 207px;\">\n<h5>Prezes Honorowy<\/h5>\n<\/td>\n<td style=\"width: 592px;\">\n<h5>Stanis\u0142aw Dziura<\/h5>\n<\/td>\n<\/tr>\n<\/tbody>\n<\/table>\n<h4><span style=\"font-family: Comic Sans MS,cursive;\">Zarz\u0105d (2013-2020)<\/span><\/h4>\n<table border=\"1\" width=\"780\" cellspacing=\"3\" cellpadding=\"10\">\n<colgroup>\n<col width=\"189\">\n<col width=\"540\"><\/colgroup>\n<tbody>\n<tr>\n<td style=\"width: 183.65px;\">\n<h5>Prezes<\/h5>\n<\/td>\n<td style=\"width: 518.35px;\">\n<h5>Jan Kowalski<\/h5>\n<\/td>\n<\/tr>\n<tr>\n<td style=\"width: 183.65px;\">\n<h5>V-ce Prezes<\/h5>\n<\/td>\n<td style=\"width: 518.35px;\">\n<h5>Marzena Bakalarz-Doropowicz<\/h5>\n<\/td>\n<\/tr>\n<tr>\n<td style=\"width: 183.65px;\">\n<h5>Sekretarz<\/h5>\n<\/td>\n<td style=\"width: 518.35px;\">\n<h5>Mariola Dydak<\/h5>\n<\/td>\n<\/tr>\n<tr>\n<td style=\"width: 183.65px;\">\n<h5>Skarbnik<\/h5>\n<\/td>\n<td style=\"width: 518.35px;\">\n<h5>Antonina Gad, Stanis\u0142awa Zbroja<\/h5>\n<\/td>\n<\/tr>\n<tr>\n<td style=\"width: 183.65px;\">\n<h5>Cz\u0142onkowie Zarz\u0105du<\/h5>\n<\/td>\n<td style=\"width: 518.35px;\">\n<h5>Antonina Gad, Andrzej Kulczykowski<\/h5>\n<\/td>\n<\/tr>\n<tr>\n<td style=\"width: 183.65px;\">\n<h5>Cz\u0142onkowie Zarz\u0105du<\/h5>\n<\/td>\n<td style=\"width: 518.35px;\">\n<h5>Dorota G\u00f3rczak, Ryszard Zwierzchowski<\/h5>\n<\/td>\n<\/tr>\n<tr>\n<td style=\"width: 183.65px;\">\n<h5>Prezes Honorowy<\/h5>\n<\/td>\n<td style=\"width: 518.35px;\">\n<h5>Stanis\u0142aw Dziura<\/h5>\n<\/td>\n<\/tr>\n<\/tbody>\n<\/table>\n<h4><span style=\"font-family: Comic Sans MS,cursive;\">Zarz\u0105d (2009-2013)<\/span><\/h4>\n<table border=\"1\" width=\"780\" cellspacing=\"3\" cellpadding=\"10\">\n<colgroup>\n<col width=\"189\">\n<col width=\"540\"><\/colgroup>\n<tbody>\n<tr>\n<td width=\"189\">\n<h5><span style=\"font-family: Comic Sans MS,cursive;\">Przewodnicz\u0105cy<\/span><\/h5>\n<\/td>\n<td width=\"540\">\n<h5><span style=\"font-family: Comic Sans MS,cursive;\">Stanis\u0142aw Dziura<\/span><\/h5>\n<\/td>\n<\/tr>\n<tr>\n<td width=\"189\">\n<h5><span style=\"font-family: Comic Sans MS,cursive;\">Zast\u0119pcy przewodnicz\u0105cego<\/span><\/h5>\n<\/td>\n<td width=\"540\">\n<h5><span style=\"font-family: Comic Sans MS,cursive;\">Jolanta Szajn, Stanis\u0142awa Zbroja, Jerzy J\u0119drychowski, Jerzy W\u00f3jtowicz<\/span><\/h5>\n<\/td>\n<\/tr>\n<tr>\n<td width=\"189\">\n<h5><span style=\"font-family: Comic Sans MS,cursive;\">Sekretarze<\/span><\/h5>\n<\/td>\n<td width=\"540\">\n<h5><span style=\"font-family: Comic Sans MS,cursive;\">Marzena Bakalarz- Doropowicz, Zofia Ciopi\u0144ska,<br \/>\nKatarzyna Bednarz<\/span><\/h5>\n<\/td>\n<\/tr>\n<tr>\n<td width=\"189\">\n<h5><span style=\"font-family: Comic Sans MS,cursive;\">Kronikarze<\/span><\/h5>\n<\/td>\n<td width=\"540\">\n<h5><span style=\"font-family: Comic Sans MS,cursive;\">Anna Stec, Anna Piskorz, Katarzyna Twardowska,<br \/>\nKrystyna J\u00f3\u017awik<\/span><\/h5>\n<\/td>\n<\/tr>\n<tr>\n<td width=\"189\">\n<h5><span style=\"font-family: Comic Sans MS,cursive;\">Skarbnicy<\/span><\/h5>\n<\/td>\n<td width=\"540\">\n<h5><span style=\"font-family: Comic Sans MS,cursive;\">Antonina Gad, Andrzej Kulczykowski<\/span><\/h5>\n<\/td>\n<\/tr>\n<tr>\n<td width=\"189\">\n<h5><span style=\"font-family: Comic Sans MS,cursive;\">Cz\u0142onkowie Zarz\u0105du<\/span><\/h5>\n<\/td>\n<td width=\"540\">\n<h5><span style=\"font-family: Comic Sans MS,cursive;\">Teresa Taszek, Jan Kowalski, Janusz Sowa, Wies\u0142aw Olesiak, Piotr Martynowski, Turkowski Antoni,&nbsp; W\u0142adys\u0142aw Kamusi\u0144ski, Jolanta Zalewska \u2013 Florczyk, Jab\u0142o\u0144ski Wies\u0142aw, Danuta Nowak, Augustyn Siemieniec<\/span><\/h5>\n<\/td>\n<\/tr>\n<tr>\n<td width=\"189\">\n<h5><span style=\"font-family: Comic Sans MS,cursive;\">Komisja Rewizyjna<\/span><\/h5>\n<\/td>\n<td width=\"540\">\n<h5><span style=\"font-family: Comic Sans MS,cursive;\">Anna \u017burak, Elzbieta Religa, Barbara Pra\u017cak<\/span><\/h5>\n<\/td>\n<\/tr>\n<\/tbody>\n<\/table>\n<div id=\"malwarebytes-root\">\n<style>\n            @font-face {<br \/>\n              font-family: 'graphik-web';<br \/>\n              src: url('moz-extension:\/\/bd922c8c-cf0a-4fb7-b3f1-30a3c72a758b\/vendor\/graphik\/web\/graphik-bold-web.eot');<br \/>\n              src: url('moz-extension:\/\/bd922c8c-cf0a-4fb7-b3f1-30a3c72a758b\/vendor\/graphik\/web\/graphik-bold-web.eot?#iefix') format('embedded-opentype'),<br \/>\n                   url('moz-extension:\/\/bd922c8c-cf0a-4fb7-b3f1-30a3c72a758b\/vendor\/graphik\/web\/graphik-bold-web.woff2') format('woff2'),<br \/>\n                   url('moz-extension:\/\/bd922c8c-cf0a-4fb7-b3f1-30a3c72a758b\/vendor\/graphik\/web\/graphik-bold-web.woff') format('woff');<br \/>\n              font-weight: 700;<br \/>\n              font-style: normal;<br \/>\n              font-stretch: normal;<br \/>\n            }<br \/>\n            @font-face {<br \/>\n              font-family: 'graphik-web';<br \/>\n              src: url('moz-extension:\/\/bd922c8c-cf0a-4fb7-b3f1-30a3c72a758b\/vendor\/graphik\/web\/graphik-lightitalic-web.eot');<br \/>\n              src: url('moz-extension:\/\/bd922c8c-cf0a-4fb7-b3f1-30a3c72a758b\/vendor\/graphik\/web\/graphik-lightitalic-web.eot?#iefix') format('embedded-opentype'),<br \/>\n                   url('moz-extension:\/\/bd922c8c-cf0a-4fb7-b3f1-30a3c72a758b\/vendor\/graphik\/web\/graphik-lightitalic-web.woff2') format('woff2'),<br \/>\n                   url('moz-extension:\/\/bd922c8c-cf0a-4fb7-b3f1-30a3c72a758b\/vendor\/graphik\/web\/graphik-lightitalic-web.woff') format('woff');<br \/>\n                   font-weight: 300;<br \/>\n                   font-style: italic;<br \/>\n                   font-stretch: normal;<br \/>\n            }<br \/>\n            @font-face {<br \/>\n              font-family: 'graphik-web';<br \/>\n              src: url('moz-extension:\/\/bd922c8c-cf0a-4fb7-b3f1-30a3c72a758b\/vendor\/graphik\/web\/graphik-regular-web.eot');<br \/>\n              src: url('moz-extension:\/\/bd922c8c-cf0a-4fb7-b3f1-30a3c72a758b\/vendor\/graphik\/web\/graphik-regular-web.eot?#iefix') format('embedded-opentype'),<br \/>\n                   url('moz-extension:\/\/bd922c8c-cf0a-4fb7-b3f1-30a3c72a758b\/vendor\/graphik\/web\/graphik-regular-web.woff2') format('woff2'),<br \/>\n                   url('moz-extension:\/\/bd922c8c-cf0a-4fb7-b3f1-30a3c72a758b\/vendor\/graphik\/web\/graphik-regular-web.woff') format('woff');<br \/>\n              font-weight: 400;<br \/>\n              font-style: normal;<br \/>\n              font-stretch: normal;<br \/>\n            }<br \/>\n            @font-face {<br \/>\n              font-family: 'graphik-web';<br \/>\n              src: url('moz-extension:\/\/bd922c8c-cf0a-4fb7-b3f1-30a3c72a758b\/vendor\/graphik\/web\/graphik-bolditalic-web.eot');<br \/>\n              src: url('moz-extension:\/\/bd922c8c-cf0a-4fb7-b3f1-30a3c72a758b\/vendor\/graphik\/web\/graphik-bolditalic-web.eot?#iefix')<br \/>\n                   format('embedded-opentype'),<br \/>\n                   url('moz-extension:\/\/bd922c8c-cf0a-4fb7-b3f1-30a3c72a758b\/vendor\/graphik\/web\/graphik-bolditalic-web.woff2')<br \/>\n                   format('woff2'),<br \/>\n                   url('moz-extension:\/\/bd922c8c-cf0a-4fb7-b3f1-30a3c72a758b\/vendor\/graphik\/web\/graphik-bolditalic-web.woff')<br \/>\n                   format('woff');<br \/>\n              font-weight: 700;<br \/>\n              font-style: italic;<br \/>\n              font-stretch: normal;<br \/>\n            }<br \/>\n            @font-face {<br \/>\n              font-family: 'graphik-web';<br \/>\n              src: url('moz-extension:\/\/bd922c8c-cf0a-4fb7-b3f1-30a3c72a758b\/vendor\/graphik\/web\/graphik-medium-web.eot');<br \/>\n              src: url('moz-extension:\/\/bd922c8c-cf0a-4fb7-b3f1-30a3c72a758b\/vendor\/graphik\/web\/graphik-medium-web.eot?#iefix') format('embedded-opentype'),<br \/>\n                   url('moz-extension:\/\/bd922c8c-cf0a-4fb7-b3f1-30a3c72a758b\/vendor\/graphik\/web\/graphik-medium-web.woff2') format('woff2'),<br \/>\n                   url('moz-extension:\/\/bd922c8c-cf0a-4fb7-b3f1-30a3c72a758b\/vendor\/graphik\/web\/graphik-medium-web.woff') format('woff');<br \/>\n              font-weight: 500;<br \/>\n              font-style: normal;<br \/>\n              font-stretch: normal;<br \/>\n            }<br \/>\n      <\/style>\n<\/div>\n","protected":false},"excerpt":{"rendered":"<p>STOWARZYSZENIE ABSOLWENT\u00d3W TECHNIKUM GEOLOGICZNEGO w Kielcach skupia by\u0142ych uczni\u00f3w i nauczycieli nieistniej\u0105cego ju\u017c Technikum Geologicznego w Kielcach. ReGULAMIN STOWARZYSZeNIA ABSOLWeNT\u00d3W TeCHNIKUM GeOLOGICZNeGO w Kielcach Stowarzyszenie absolwent\u00f3w Technikum Geologicznego w Kielcach zrzesza wszystkich absolwent\u00f3w i nauczycieli T.G. w Kielcach. Celem Stowarzyszenia jest integracja i utrzymywanie kontakt\u00f3w kole\u017ce\u0144skich i&nbsp;towarzyskich z absolwentami i\u2026<\/p>\n<p class=\"continue-reading-button\"> <a class=\"continue-reading-link\" href=\"https:\/\/satg.pl\/geolog\/o-nas\/\">Czytaj dalej<i class=\"crycon-right-dir\"><\/i><\/a><\/p>\n","protected":false},"author":1,"featured_media":0,"parent":0,"menu_order":0,"comment_status":"closed","ping_status":"closed","template":"","meta":{"ngg_post_thumbnail":0,"jetpack_post_was_ever_published":false,"footnotes":""},"class_list":["post-11","page","type-page","status-publish","hentry"],"jetpack_sharing_enabled":true,"jetpack_shortlink":"https:\/\/wp.me\/P7jPbe-b","jetpack-related-posts":[{"id":9,"url":"https:\/\/satg.pl\/geolog\/historia\/","url_meta":{"origin":11,"position":0},"title":"HISTORIA","author":"Garapozales","date":"2010-10-30","format":false,"excerpt":"Historia TG \u00a0 Technikum Geologiczne w Kielcach powsta\u0142o w 1953 r. na mocy zarz\u0105dzenia z dnia 28 lutego 1953\u00a0r. nr IV-05b\/30 wydanego przez Centralny Urz\u0105d Geologii w Warszawie. W roku szkolnym 1953\/54 by\u0142a jedna czterdziestoosobowa klasa wydzia\u0142u laboratoryjnego z\u00a0jednym nauczycielem etatowym, wychowawczyni\u0105 klasy by\u0142a mgr Maria Zatorska. Pierwszym dyrektorem szko\u0142y\u2026","rel":"","context":"Podobny wpis","block_context":{"text":"Podobny wpis","link":""},"img":{"alt_text":"","src":"","width":0,"height":0},"classes":[]},{"id":1268,"url":"https:\/\/satg.pl\/geolog\/zjazd_2013\/","url_meta":{"origin":11,"position":1},"title":"ZJAZD","author":"Garapozales","date":"2012-12-26","format":false,"excerpt":"Strona po\u015bwi\u0119cona zjazdowi, kt\u00f3ry odb\u0119dzie si\u0119 w czerwcu 2013 roku. Same naj\u015bwie\u017csze informacje JUBILEUSZOWY X ZJAZD ABSOLWENT\u00d3W TG w dniach 8-9 czerwca 2013 r. UWAGA: Absolwenci posiadaj\u0105cy galowe mundury g\u00f3rnicze proszeni s\u0105 o uczestnictwo w nich w cz\u0119\u015bci oficjalnej. Op\u0142ata za udzia\u0142 wynosi 220 z\u0142 (ma\u0142\u017ce\u0144stwa absolwenckie TG - 350\u2026","rel":"","context":"Podobny wpis","block_context":{"text":"Podobny wpis","link":""},"img":{"alt_text":"Zjazd","src":"https:\/\/i0.wp.com\/satg.pl\/geolog\/wp-content\/uploads\/2012\/12\/Zjazd.png?resize=350%2C200","width":350,"height":200},"classes":[]},{"id":1626,"url":"https:\/\/satg.pl\/geolog\/teksty\/wspomnienia\/","url_meta":{"origin":11,"position":2},"title":"WSPOMNIENIA","author":"Garapozales","date":"2013-06-21","format":false,"excerpt":"O UCZNIACH, KT\u00d3RZY KOCHALI SWOJ\u0104 SZKO\u0141\u0118 CZYLI FENOMEN TECHNIKUM GEOLOGICZNEGO W KIELCACH NAPISANE PRZEZ; ZOFIA T. KRAMER (PAWLIK), matura 1983 D\u0142ugo my\u015bla\u0142am co powinnam napisa\u0107, aby przekaza\u0107 moje wspomnienia z pi\u0119ciu fantastycznych lat \u017cycia i nikogo nie pomin\u0105\u0107, dlatego nikogo nie wymieniam tu z imienia i nazwiska. Ci, kt\u00f3rzy byli\u2026","rel":"","context":"Podobny wpis","block_context":{"text":"Podobny wpis","link":""},"img":{"alt_text":"","src":"","width":0,"height":0},"classes":[]},{"id":620,"url":"https:\/\/satg.pl\/geolog\/teksty\/wiersze\/","url_meta":{"origin":11,"position":3},"title":"WIERSZE","author":"Garapozales","date":"2011-09-03","format":false,"excerpt":"Kielecki Geolog - Ryszard Kie\u0142ek(tekst oryginalny) \u00a0 \u00a0 \u00a0 \u00a0 W \u015bwi\u0119tokrzyskich g\u00f3r enklawie dzia\u0142a\u0142a kiedy\u015b pi\u0119kna szko\u0142a o nie tylko regionalnej, kieleckiej ale i narodowej s\u0142awie. Ten monolog m\u00f3wi o \u015bredniej szkole o nazwie \"Geolog\". Jego historia wiele lat si\u0119ga, to prawdziwa edukacyjna pot\u0119ga, technicy wiertnicy, p\u00f3\u017aniejsi in\u017cynierowie, uczelnie\u2026","rel":"","context":"Podobny wpis","block_context":{"text":"Podobny wpis","link":""},"img":{"alt_text":"","src":"https:\/\/i0.wp.com\/satg.pl\/geolog\/wp-content\/uploads\/2023\/06\/Ryszard-Kielek-150x150.jpg?resize=350%2C200","width":350,"height":200},"classes":[]},{"id":22394,"url":"https:\/\/satg.pl\/geolog\/kroniki\/kronika-kola-pttk-przy-ig-w-kielcach\/","url_meta":{"origin":11,"position":4},"title":"kronika ko\u0142a PTTK przy IG w Kielcach","author":"Garapozales","date":"2025-03-02","format":false,"excerpt":"","rel":"","context":"Podobny wpis","block_context":{"text":"Podobny wpis","link":""},"img":{"alt_text":"","src":"","width":0,"height":0},"classes":[]},{"id":21563,"url":"https:\/\/satg.pl\/geolog\/map\/","url_meta":{"origin":11,"position":5},"title":"ko\u015bci\u00f3\u0142 Kapucyn\u00f3w w Kielcach","author":"Garapozales","date":"2022-01-07","format":false,"excerpt":"","rel":"","context":"Podobny wpis","block_context":{"text":"Podobny wpis","link":""},"img":{"alt_text":"","src":"","width":0,"height":0},"classes":[]}],"jetpack_likes_enabled":true,"_links":{"self":[{"href":"https:\/\/satg.pl\/geolog\/wp-json\/wp\/v2\/pages\/11","targetHints":{"allow":["GET"]}}],"collection":[{"href":"https:\/\/satg.pl\/geolog\/wp-json\/wp\/v2\/pages"}],"about":[{"href":"https:\/\/satg.pl\/geolog\/wp-json\/wp\/v2\/types\/page"}],"author":[{"embeddable":true,"href":"https:\/\/satg.pl\/geolog\/wp-json\/wp\/v2\/users\/1"}],"replies":[{"embeddable":true,"href":"https:\/\/satg.pl\/geolog\/wp-json\/wp\/v2\/comments?post=11"}],"version-history":[{"count":5,"href":"https:\/\/satg.pl\/geolog\/wp-json\/wp\/v2\/pages\/11\/revisions"}],"predecessor-version":[{"id":22009,"href":"https:\/\/satg.pl\/geolog\/wp-json\/wp\/v2\/pages\/11\/revisions\/22009"}],"wp:attachment":[{"href":"https:\/\/satg.pl\/geolog\/wp-json\/wp\/v2\/media?parent=11"}],"curies":[{"name":"wp","href":"https:\/\/api.w.org\/{rel}","templated":true}]}}